{"id":286,"date":"2016-10-31T13:17:59","date_gmt":"2016-10-31T16:17:59","guid":{"rendered":"https:\/\/uep55-cha.infd.edu.ar\/sitio\/?page_id=286"},"modified":"2025-11-27T21:59:00","modified_gmt":"2025-11-28T00:59:00","slug":"inicio","status":"publish","type":"page","link":"https:\/\/uep55-cha.infd.edu.ar\/sitio\/","title":{"rendered":"Sistema Gesti\u00f3n de Alumno"},"content":{"rendered":"<div id=\"metaslider-id-403\" style=\"max-width: 1100px;\" class=\"ml-slider-3-33-0 metaslider metaslider-coin metaslider-403 ml-slider ms-theme-default\" role=\"region\" aria-roledescription=\"Slideshow\" aria-label=\"Slideshow\">\n    <div id=\"metaslider_container_403\">\n        <div id='metaslider_403' class='coin-slider'>\n<a href=\"javascript:void(0)\" target=\"_self\"><img src=\"https:\/\/uep55-cha.infd.edu.ar\/sitio\/wp-content\/uploads\/2019\/10\/IMG-20191010-WA0030-1100x300.jpg\" height=\"300\" width=\"1100\" alt=\"\" class=\"slider-403 slide-2883\" title=\"IMG-20191010-WA0030\" style=\"display: none;\" \/><\/a>\n<a href=\"javascript:void(0)\" target=\"_self\"><img src=\"https:\/\/uep55-cha.infd.edu.ar\/sitio\/wp-content\/uploads\/2019\/10\/IMG-20191010-WA0024-1100x300.jpg\" height=\"300\" width=\"1100\" alt=\"\" class=\"slider-403 slide-2885\" title=\"IMG-20191010-WA0024\" style=\"display: none;\" \/><\/a>\n<a href=\"javascript:void(0)\" target=\"_self\"><img src=\"https:\/\/uep55-cha.infd.edu.ar\/sitio\/wp-content\/uploads\/2019\/10\/IMG-20191010-WA0023-1100x300.jpg\" height=\"300\" width=\"1100\" alt=\"\" class=\"slider-403 slide-2886\" title=\"IMG-20191010-WA0023\" style=\"display: none;\" \/><\/a>\n<a href=\"javascript:void(0)\" target=\"_self\"><img src=\"https:\/\/uep55-cha.infd.edu.ar\/sitio\/wp-content\/uploads\/2019\/10\/IMG-20191010-WA0030-1100x300.jpg\" height=\"300\" width=\"1100\" alt=\"\" class=\"slider-403 slide-2879\" title=\"IMG-20191010-WA0030\" style=\"display: none;\" \/><\/a>\n<a href=\"javascript:void(0)\" target=\"_self\"><img src=\"https:\/\/uep55-cha.infd.edu.ar\/sitio\/wp-content\/uploads\/2019\/10\/IMG-20191010-WA0029-1100x300.jpg\" height=\"300\" width=\"1100\" alt=\"\" class=\"slider-403 slide-2880\" title=\"IMG-20191010-WA0029\" style=\"display: none;\" \/><\/a>\n<a href=\"javascript:void(0)\" target=\"_self\"><img src=\"https:\/\/uep55-cha.infd.edu.ar\/sitio\/wp-content\/uploads\/2019\/10\/IMG-20191010-WA0028-1100x300.jpg\" height=\"300\" width=\"1100\" alt=\"\" class=\"slider-403 slide-2881\" title=\"IMG-20191010-WA0028\" style=\"display: none;\" \/><\/a>\n<a href=\"javascript:void(0)\" target=\"_self\"><img src=\"https:\/\/uep55-cha.infd.edu.ar\/sitio\/wp-content\/uploads\/2019\/10\/IMG-20191010-WA0027-1100x300.jpg\" height=\"300\" width=\"1100\" alt=\"\" class=\"slider-403 slide-2882\" title=\"IMG-20191010-WA0027\" style=\"display: none;\" \/><\/a>\n<a href=\"javascript:void(0)\" target=\"_self\"><img src=\"https:\/\/uep55-cha.infd.edu.ar\/sitio\/wp-content\/uploads\/2019\/10\/IMG-20191010-WA0025-1100x300.jpg\" height=\"300\" width=\"1100\" alt=\"\" class=\"slider-403 slide-2884\" title=\"IMG-20191010-WA0025\" style=\"display: none;\" \/><\/a>\n<a href=\"javascript:void(0)\" target=\"_self\"><img src=\"https:\/\/uep55-cha.infd.edu.ar\/sitio\/wp-content\/uploads\/2019\/10\/20191010_210443-e1570752953700-1100x300.jpg\" height=\"300\" width=\"1100\" alt=\"\" class=\"slider-403 slide-2887\" title=\"20191010_210443\" style=\"display: none;\" \/><\/a>\n        <\/div>\n        \n    <\/div>\n<\/div>\n<h1 style=\"text-align: center;\"><span style=\"color: #333399;\"><em>OFERTAS ACAD\u00c9MICAS 2026<\/em><\/span><\/h1>\n<h1 style=\"text-align: center;\"><span style=\"color: #333399;\"><em>Preinscribite<\/em><\/span><\/h1>\n<p><img decoding=\"async\" loading=\"lazy\" class=\"wp-image-4652 aligncenter\" src=\"https:\/\/uep55-cha.infd.edu.ar\/sitio\/wp-content\/uploads\/2025\/11\/Carreras-2026-782x1000.jpeg\" alt=\"\" width=\"615\" height=\"786\" srcset=\"https:\/\/uep55-cha.infd.edu.ar\/sitio\/wp-content\/uploads\/2025\/11\/Carreras-2026-782x1000.jpeg 782w, https:\/\/uep55-cha.infd.edu.ar\/sitio\/wp-content\/uploads\/2025\/11\/Carreras-2026-768x982.jpeg 768w, https:\/\/uep55-cha.infd.edu.ar\/sitio\/wp-content\/uploads\/2025\/11\/Carreras-2026-1201x1536.jpeg 1201w, https:\/\/uep55-cha.infd.edu.ar\/sitio\/wp-content\/uploads\/2025\/11\/Carreras-2026.jpeg 1251w\" sizes=\"(max-width: 615px) 100vw, 615px\" \/><\/p>\n<p>&nbsp;<\/p>\n<p>&nbsp;<\/p>\n<h3><strong>\u21d2<\/strong><a href=\"https:\/\/docs.google.com\/forms\/d\/1bdlCnEE8aVQA9wpWn2yX3MJlzRqgeTAh-aRTeoZ0LEA\/preview\"><strong><em>Link de Pre inscripci\u00f3n\u00a0<\/em><\/strong><strong> (link de pre inscripci\u00f3n a las carreras)<\/strong><\/a><\/h3>\n<p>Con la pre inscripci\u00f3n usted dejar\u00e1 constancia de inter\u00e9s, sobre alguna oferta acad\u00e9mica.<\/p>\n<h3><strong>\u21d2<\/strong><strong><em> Formulario de Inscripci\u00f3n<\/em><\/strong><strong> para Carreras: Profesorados en Historia, Matem\u00e1tica, F\u00edsica, Biolog\u00eda, Educaci\u00f3n Especial con Orientaci\u00f3n en Sordos e Hipoac\u00fasicos. Tecnicaturas en Comunicaci\u00f3n Social con Orientaci\u00f3n Multimedia , Administraci\u00f3n de Empresas y Perito Superior en Derecho (<a href=\"https:\/\/drive.google.com\/file\/d\/1rsod1u1WMtoWL2Fox7fTx5q8GgRpSMp9\/view?usp=sharing\">descargar<\/a>)<\/strong><\/h3>\n<h3><strong>\u21d2<\/strong><strong><em> Formulario de Inscripci\u00f3n<\/em><\/strong><strong> Carrera: Tecnicatura en Seguridad Vial y Transporte (<a href=\"https:\/\/drive.google.com\/file\/d\/15zhD-I4OvW8PeZnmYvyAyyl6U2HFC5Fa\/view?usp=sharing\">descargar<\/a>)<\/strong><\/h3>\n<p>El formulario de inscripci\u00f3n, es unos de los requisitos para poder inscribirse.\u00a0<\/p>\n<ul>\n<li><strong><u>REQUISITOS:<\/u><\/strong>\n<ul>\n<li>Una fotocopia del T\u00edtulo Secundario o constancia de finalizaci\u00f3n de estudio (autenticada).<\/li>\n<li>Una fotocopia de la Partida de Nacimiento (autenticada).<\/li>\n<li>Dos (2) fotocopias\u00a0 del D.N.I. (autenticadas).<\/li>\n<li>Tres (3) fotos 4&#215;4 cm de frente y fondo blanco.<\/li>\n<li>Carpeta de Legajo. (<strong>NO COLGANTE<\/strong>)<\/li>\n<li>Constancia de CUIL<\/li>\n<li>Certificado de buena salud.<\/li>\n<li>Certificado de antecedentes penales.<\/li>\n<li>Certificado bucodental.<\/li>\n<\/ul>\n<\/li>\n<\/ul>\n<ul>\n<li>Horarios de Atenci\u00f3n: de Lunes a Viernes de 8Hs a 12 Hs &#8211; 18hs a 22Hs<\/li>\n<li>Tel\u00e9fono: 0364-4423950<\/li>\n<li>WhatsApp: 3644-360002<\/li>\n<\/ul>\n<hr \/>\n<h1 dir=\"auto\">\u00a0<\/h1>\n<h1 dir=\"auto\" style=\"text-align: center;\"><img decoding=\"async\" loading=\"lazy\" class=\"wp-image-4573 aligncenter\" src=\"https:\/\/uep55-cha.infd.edu.ar\/sitio\/wp-content\/uploads\/2025\/05\/WhatsApp-Image-2025-05-22-at-18.15.05.jpeg\" alt=\"\" width=\"398\" height=\"563\" \/><\/h1>\n<hr \/>\n<h1 style=\"text-align: center;\"><span style=\"color: #3366ff;\"><em>\u00bb Por siempre Santo, San Luis Orione 16\/05&#8243;<\/em><\/span><\/h1>\n<p><img decoding=\"async\" loading=\"lazy\" class=\"wp-image-4528 aligncenter\" src=\"https:\/\/uep55-cha.infd.edu.ar\/sitio\/wp-content\/uploads\/2025\/05\/WhatsApp-Image-2025-05-16-at-06.48.24-666x1000.jpeg\" alt=\"\" width=\"449\" height=\"674\" srcset=\"https:\/\/uep55-cha.infd.edu.ar\/sitio\/wp-content\/uploads\/2025\/05\/WhatsApp-Image-2025-05-16-at-06.48.24-666x1000.jpeg 666w, https:\/\/uep55-cha.infd.edu.ar\/sitio\/wp-content\/uploads\/2025\/05\/WhatsApp-Image-2025-05-16-at-06.48.24-768x1152.jpeg 768w, https:\/\/uep55-cha.infd.edu.ar\/sitio\/wp-content\/uploads\/2025\/05\/WhatsApp-Image-2025-05-16-at-06.48.24.jpeg 853w\" sizes=\"(max-width: 449px) 100vw, 449px\" \/><\/p>\n<p>Este 16 de mayo se cumplen 20 a\u00f1os desde que celebramos a Don Orione en la Tierra como lo celebran en el Cielo. 20 a\u00f1os de su canonizaci\u00f3n. El 16 de mayo de 2004, el Papa Juan Pablo II canoniz\u00f3 a Luis Orione.<\/p>\n<p>Un hombre Santo, porque durante toda su vida busc\u00f3 de manera perpetua servir a Jes\u00fas y a los hermanos, principalmente los m\u00e1s pobres, los desamparados. Santo, porque de principio a fin vivi\u00f3 con una pasi\u00f3n formidable el llamado a mostrar el rostro misericordioso de Dios. Santo, porque se entreg\u00f3 en cuerpo y alma, hasta el \u00faltimo suspiro, en los brazos de la Sant\u00edsima Virgen y de la Divina Providencia.<\/p>\n<p>Juan Pablo II se refiri\u00f3 a \u00e9l de la siguiente manera: \u00abHombres que han entregado su vida a la causa de nuestro Se\u00f1or Jesucristo\u00bb (Hch 15, 26). Estas palabras de los Hechos de los Ap\u00f3stoles pueden aplicarse bien a San Luis Orione, hombre totalmente entregado a la causa de Cristo y de su reino. Sufrimientos f\u00edsicos y morales, fatigas, dificultades, incomprensiones y todo tipo de obst\u00e1culos marcaron su ministerio apost\u00f3lico. \u00abA Cristo, la Iglesia y las almas -dec\u00eda- se los ama y sirve en la cruz y crucificados, o no se los ama y sirve\u00bb (Escritos, 68, 81).<\/p>\n<p>Luigi Orione, conocido como Don Orione naci\u00f3 en Pontecurone, Italia, el 23 de junio de 1872 y falleci\u00f3 en San Remo el 12 de marzo de 1940. Este sacerdote cat\u00f3lico fue el fundador de la \u00abPeque\u00f1a Obra de la Divina Providencia\u00bb, m\u00e1s conocida como Obra Don Orione, y de las \u00abPeque\u00f1as Hermanas Misioneras de la Caridad\u00bb.<\/p>\n<p>Desde su infancia en un hogar marcado por la pobreza, pero rico en fe, Don Orione se sinti\u00f3 llamado al sacerdocio. Dedic\u00f3 su vida al servicio de los m\u00e1s necesitados, especialmente ni\u00f1os de escasos recursos y v\u00edctimas de terremotos en Italia. Don Orione fue beatificado en 1980 y canonizado en 2004 por el papa Juan Pablo II. Tras su muerte, su legado contin\u00faa siendo un referente de devoci\u00f3n y servicio, con su cuerpo descansando en el Santuario de Nuestra Se\u00f1ora de la Guardia en Tortona, Italia. Por este motivo, cada 16 de mayo celebramos el d\u00eda de San Luis Orione, fecha muy significativa para todos nosotros, como integrantes y amigos de la familia Orionista.<\/p>\n<p>&nbsp;<\/p>\n<div class=\"_5pbx userContent\" data-ft=\"{\">\n<hr \/>\n<div class=\"_5pbx userContent\" data-ft=\"{\"><\/p>\n<p style=\"text-align: center;\">\u00a0<strong>\u00bfQuer\u00e9s colaborar con la Biblioteca Papa Francisco?<\/strong><\/p>\n<p style=\"text-align: center;\"><strong><img decoding=\"async\" loading=\"lazy\" title=\"Donar libros\" src=\"https:\/\/uep55-cha.infd.edu.ar\/sitio\/wp-content\/uploads\/2018\/08\/Sin_t%C3%ADtulo.png\" alt=\"Donar libros\" width=\"561\" height=\"275\" border=\"0\" \/><\/strong><\/p>\n<p style=\"text-align: center;\"><strong>\u00a1Ahora lo pod\u00e9s hacer! Hac\u00e9 click <a href=\"index.cgi?wid_seccion=50&amp;wid_item=110\">aqu\u00ed <\/a>para m\u00e1s informaci\u00f3n\u00a0<\/strong><\/p>\n<hr style=\"width: 300px;\" width=\"300\" \/><img decoding=\"async\" loading=\"lazy\" class=\"\" style=\"display: block; margin-left: auto; margin-right: auto; border: 0px none currentColor;\" title=\"cuadro de honor dedicado a la Divina Providencia\" src=\"https:\/\/uep55-cha.infd.edu.ar\/sitio\/wp-content\/uploads\/2018\/08\/cuadro_de_honor_saenz_penia.jpg\" alt=\"cuadro de honor dedicado a la Divina Providencia\" width=\"228\" height=\"218\" border=\"0\" \/> CONTACTANOS: Tel: (0364) &#8211; 4421568 \/ 4423776 Email: consultas@institutodonorione.edu.ar O acercate de lunes a viernes a P. Arturo Mustacchio 255 de Pcia. Roque S\u00e1nez Pe\u00f1a, Chaco<\/div>\n<p><!--more--><\/div>\n<p><!--more--><\/p>\n<p><!--more--><\/p>\n<p><!--more--><\/p>\n<p><!--more--><\/p>\n<p><!--more--><\/p>\n<p><!--more--><\/p>\n<p><!--more--><\/p>\n","protected":false},"excerpt":{"rendered":"<p>OFERTAS ACAD\u00c9MICAS 2026 Preinscribite &nbsp; &nbsp; \u21d2Link de Pre inscripci\u00f3n\u00a0 (link de pre inscripci\u00f3n a las carreras) Con la pre inscripci\u00f3n usted dejar\u00e1 constancia de inter\u00e9s, sobre alguna oferta acad\u00e9mica. \u21d2 Formulario de Inscripci\u00f3n para Carreras: Profesorados en Historia, Matem\u00e1tica, F\u00edsica, Biolog\u00eda, Educaci\u00f3n Especial con Orientaci\u00f3n en Sordos e Hipoac\u00fasicos. Tecnicaturas en Comunicaci\u00f3n Social con &#8230; <a title=\"Sistema Gesti\u00f3n de Alumno\" class=\"read-more\" href=\"https:\/\/uep55-cha.infd.edu.ar\/sitio\/\" aria-label=\"More on Sistema Gesti\u00f3n de Alumno\">[+]<\/a><\/p>\n","protected":false},"author":1,"featured_media":0,"parent":0,"menu_order":0,"comment_status":"closed","ping_status":"closed","template":"","meta":[],"acf":[],"_links":{"self":[{"href":"https:\/\/uep55-cha.infd.edu.ar\/sitio\/wp-json\/wp\/v2\/pages\/286"}],"collection":[{"href":"https:\/\/uep55-cha.infd.edu.ar\/sitio\/wp-json\/wp\/v2\/pages"}],"about":[{"href":"https:\/\/uep55-cha.infd.edu.ar\/sitio\/wp-json\/wp\/v2\/types\/page"}],"author":[{"embeddable":true,"href":"https:\/\/uep55-cha.infd.edu.ar\/sitio\/wp-json\/wp\/v2\/users\/1"}],"replies":[{"embeddable":true,"href":"https:\/\/uep55-cha.infd.edu.ar\/sitio\/wp-json\/wp\/v2\/comments?post=286"}],"version-history":[{"count":369,"href":"https:\/\/uep55-cha.infd.edu.ar\/sitio\/wp-json\/wp\/v2\/pages\/286\/revisions"}],"predecessor-version":[{"id":4654,"href":"https:\/\/uep55-cha.infd.edu.ar\/sitio\/wp-json\/wp\/v2\/pages\/286\/revisions\/4654"}],"wp:attachment":[{"href":"https:\/\/uep55-cha.infd.edu.ar\/sitio\/wp-json\/wp\/v2\/media?parent=286"}],"curies":[{"name":"wp","href":"https:\/\/api.w.org\/{rel}","templated":true}]}}